{"id":3338,"date":"2017-05-17T17:48:08","date_gmt":"2017-05-17T15:48:08","guid":{"rendered":"https:\/\/www.egibide.org\/atencion-personas-situacion-dependencia\/"},"modified":"2025-04-09T12:02:06","modified_gmt":"2025-04-09T10:02:06","slug":"atencion-personas-situacion-dependencia","status":"publish","type":"page","link":"https:\/\/www.egibide.org\/eu\/hezkuntza-eskaintza\/formacion-profesional-grado-medio\/atencion-personas-situacion-dependencia\/","title":{"rendered":"Menpekotasun Egoeran dauden Pertsonen Zainketa"},"content":{"rendered":"<div class='flex_column_table av-ek28oa-2a71593b99f48278cf1f32d827adc4dd sc-av_one_half av-equal-height-column-flextable'>\n<style type=\"text\/css\" data-created_by=\"avia_inline_auto\" id=\"style-css-av-ek28oa-2a71593b99f48278cf1f32d827adc4dd\">\n#top .flex_column_table.av-equal-height-column-flextable.av-ek28oa-2a71593b99f48278cf1f32d827adc4dd{\nmargin-top:0px;\nmargin-bottom:0px;\n}\n.flex_column.av-ek28oa-2a71593b99f48278cf1f32d827adc4dd{\nborder-radius:0px 0px 0px 0px;\n-webkit-border-radius:0px 0px 0px 0px;\n-moz-border-radius:0px 0px 0px 0px;\npadding:10px 10px 10px 10px;\nbackground-color:#f7f7f7;\n}\n<\/style>\n<div class='flex_column av-ek28oa-2a71593b99f48278cf1f32d827adc4dd av_one_half  avia-builder-el-0  el_before_av_one_half  avia-builder-el-first  first no_margin flex_column_table_cell av-equal-height-column av-align-middle '   ><section class=\"av_textblock_section \"  itemscope=\"itemscope\" itemtype=\"https:\/\/schema.org\/CreativeWork\" ><div class='avia_textblock  '   itemprop=\"text\" ><h2>Menpekotasun Egoeran dauden Pertsonen Zainketa<\/h2>\n<\/div><\/section><\/div>\n\n<style type=\"text\/css\" data-created_by=\"avia_inline_auto\" id=\"style-css-av-aqc90q-7cdd8d65330ee85729d9c26233606dd2\">\n#top .flex_column_table.av-equal-height-column-flextable.av-aqc90q-7cdd8d65330ee85729d9c26233606dd2{\nmargin-top:0px;\nmargin-bottom:0px;\n}\n.flex_column.av-aqc90q-7cdd8d65330ee85729d9c26233606dd2{\nborder-radius:0px 0px 0px 0px;\n-webkit-border-radius:0px 0px 0px 0px;\n-moz-border-radius:0px 0px 0px 0px;\npadding:10px 10px 10px 10px;\nbackground-color:#f7f7f7;\n}\n<\/style>\n<div class='flex_column av-aqc90q-7cdd8d65330ee85729d9c26233606dd2 av_one_half  avia-builder-el-2  el_after_av_one_half  el_before_av_hr  no_margin flex_column_table_cell av-equal-height-column av-align-middle '   ><div  class='avia-button-wrap avia-button-left  avia-builder-el-3  avia-builder-el-no-sibling ' >\n<style type=\"text\/css\" data-created_by=\"avia_inline_auto\" id=\"style-css-av-jia76pno-695af7a5bf0f3ce0178a65777f21c819\">\n#top #wrap_all .avia-button.av-jia76pno-695af7a5bf0f3ce0178a65777f21c819{\nbackground-color:#8c8c8c;\nborder-color:#8c8c8c;\ncolor:#ffffff;\ntransition:all 0.4s ease-in-out;\n-webkit-transition:all 0.4s ease-in-out;\n-moz-transition:all 0.4s ease-in-out;\n-ms-transition:all 0.4s ease-in-out;\n-o-transition:all 0.4s ease-in-out;\n}\n<\/style>\n<a href='https:\/\/www.egibide.org\/eu\/secretaria\/'  class='avia-button av-jia76pno-695af7a5bf0f3ce0178a65777f21c819 avia-icon_select-yes-left-icon avia-size-medium avia-position-left '  target=\"_blank\"  rel=\"noopener noreferrer\"><span class='avia_button_icon avia_button_icon_left' aria-hidden='true' data-av_icon='\ue84b' data-av_iconfont='entypo-fontello'><\/span><span class='avia_iconbox_title' >Klik egin hemen, informazio gehiagao<\/span><\/a><\/div><\/div><\/div><!--close column table wrapper. Autoclose: 1 -->\n\n<style type=\"text\/css\" data-created_by=\"avia_inline_auto\" id=\"style-css-av-92b43e-5c2965034b4861602a93b55dd5431dae\">\n#top .hr.hr-invisible.av-92b43e-5c2965034b4861602a93b55dd5431dae{\nheight:25px;\n}\n<\/style>\n<div  class='hr av-92b43e-5c2965034b4861602a93b55dd5431dae hr-invisible  avia-builder-el-4  el_after_av_one_half  el_before_av_one_half  '><span class='hr-inner '><span class=\"hr-inner-style\"><\/span><\/span><\/div>\n\n<style type=\"text\/css\" data-created_by=\"avia_inline_auto\" id=\"style-css-av-84p6zu-8774ca82b52dc5a269051ec4588721fa\">\n#top .flex_column.av-84p6zu-8774ca82b52dc5a269051ec4588721fa{\nmargin-top:0px;\nmargin-bottom:0px;\n}\n.flex_column.av-84p6zu-8774ca82b52dc5a269051ec4588721fa{\nborder-radius:0px 0px 0px 0px;\n-webkit-border-radius:0px 0px 0px 0px;\n-moz-border-radius:0px 0px 0px 0px;\n}\n.responsive #top #wrap_all .flex_column.av-84p6zu-8774ca82b52dc5a269051ec4588721fa{\nmargin-top:0px;\nmargin-bottom:0px;\n}\n<\/style>\n<div class='flex_column av-84p6zu-8774ca82b52dc5a269051ec4588721fa av_one_half  avia-builder-el-5  el_after_av_hr  el_before_av_one_half  first flex_column_div av-zero-column-padding '   ><section class=\"av_textblock_section \"  itemscope=\"itemscope\" itemtype=\"https:\/\/schema.org\/CreativeWork\" ><div class='avia_textblock  '   itemprop=\"text\" ><h5>Non ikasten da?<\/h5>\n<ul>\n<li><a href=\"https:\/\/www.egibide.org\/eu\/campus-molinuevo\/\">Molinuevo (Arratsaldez)<\/a> \/ A ereduan<\/li>\n<\/ul>\n<h5>Zer Ikasten da?<\/h5>\n<ul>\n<li><span style=\"font-weight: 400;\">0211<\/span> <span style=\"font-weight: 400;\">Gizarte-trebetasunak<\/span><\/li>\n<li><span style=\"font-weight: 400;\">0212<\/span> <span style=\"font-weight: 400;\">Mendekotasun-egoeran dauden pertsonen ezaugarriak eta premiak<\/span><\/li>\n<li><span style=\"font-weight: 400;\">0210<\/span> <span style=\"font-weight: 400;\">Mendekotasun-egoeran dauden pertsonentzako arretaren antolamendua<\/span><\/li>\n<li><span style=\"font-weight: 400;\">0831<\/span> <span style=\"font-weight: 400;\">Telelaguntza<\/span><\/li>\n<li><span style=\"font-weight: 400;\">0213<\/span> <span style=\"font-weight: 400;\">Arreta eta laguntza psikosoziala<\/span><\/li>\n<li><span style=\"font-weight: 400;\">0215<\/span> <span style=\"font-weight: 400;\">Etxeko laguntza<\/span><\/li>\n<li><span style=\"font-weight: 400;\">0214<\/span> <span style=\"font-weight: 400;\">Komunikaziorako laguntza<\/span><\/li>\n<li><span style=\"font-weight: 400;\">0156<\/span> <span style=\"font-weight: 400;\">Ingeles profesional<\/span><\/li>\n<li><span style=\"font-weight: 400;\">1709<\/span> <span style=\"font-weight: 400;\">Enplegagarritasunerako ibilbide pertsonala I<\/span><\/li>\n<li><span style=\"font-weight: 400;\">1710<\/span> <span style=\"font-weight: 400;\">Enplegagarritasunerako ibilbide pertsonala II<\/span><\/li>\n<li><span style=\"font-weight: 400;\">0216<\/span> <span style=\"font-weight: 400;\">Osasun-arreta<\/span><\/li>\n<li><span style=\"font-weight: 400;\">0217<\/span> <span style=\"font-weight: 400;\">Arreta higienikoa<\/span><\/li>\n<li><span style=\"font-weight: 400;\">0020<\/span> <span style=\"font-weight: 400;\">Lehen laguntzak<\/span><\/li>\n<li><span style=\"font-weight: 400;\">1664<\/span> <span style=\"font-weight: 400;\">Produkzio-sektoreei aplikatutako digitalizazioa<\/span><\/li>\n<li><span style=\"font-weight: 400;\">1708<\/span> <span style=\"font-weight: 400;\">Produkzio-sistemari aplikatutako iraunkortasuna<\/span><\/li>\n<li><span style=\"font-weight: 400;\">1713<\/span> <span style=\"font-weight: 400;\">Proiektu intermodularra<\/span><\/li>\n<li><span style=\"font-weight: 400;\">Hautazko modulua(k)<\/span><\/li>\n<\/ul>\n<\/div><\/section><\/div>\n<style type=\"text\/css\" data-created_by=\"avia_inline_auto\" id=\"style-css-av-3rdttm-a0d3e6a4b0e5042f3d89414f52dd6c72\">\n#top .flex_column.av-3rdttm-a0d3e6a4b0e5042f3d89414f52dd6c72{\nmargin-top:0px;\nmargin-bottom:0px;\n}\n.flex_column.av-3rdttm-a0d3e6a4b0e5042f3d89414f52dd6c72{\nborder-radius:0px 0px 0px 0px;\n-webkit-border-radius:0px 0px 0px 0px;\n-moz-border-radius:0px 0px 0px 0px;\n}\n.responsive #top #wrap_all .flex_column.av-3rdttm-a0d3e6a4b0e5042f3d89414f52dd6c72{\nmargin-top:0px;\nmargin-bottom:0px;\n}\n<\/style>\n<div class='flex_column av-3rdttm-a0d3e6a4b0e5042f3d89414f52dd6c72 av_one_half  avia-builder-el-7  el_after_av_one_half  avia-builder-el-last  flex_column_div av-zero-column-padding '   ><section class=\"av_textblock_section \"  itemscope=\"itemscope\" itemtype=\"https:\/\/schema.org\/CreativeWork\" ><div class='avia_textblock  '   itemprop=\"text\" ><h5>Non egiten da lan?<\/h5>\n<ul>\n<li>Menpekotasun-egoeran dauden pertsonen zaintzailea instituzioetan eta\/edo etxean.<\/li>\n<li>Arreta psikiatrikoko zentroetako zaintzailea.<\/li>\n<li>Gerokultorea.<\/li>\n<li>Menpekotasun-egoeran dauden pertsonen gelazainburua eta azpigelazainburua instituzioetan.<\/li>\n<li>Adinekoen eta menpekotasun-egoeran dauden pertsonen egoitzetako plantako laguntzaile arduraduna.<\/li>\n<li>Etxez etxeko laguntzako laguntzailea.<\/li>\n<li>Etxez etxeko arreta laguntzailea.<\/li>\n<li>Familiako langilea.<\/li>\n<li>Hezkuntza bereziko laguntzailea.<\/li>\n<li>Laguntzaile pertsonala.<\/li>\n<li>Telelaguntzako teleoperadorea.<\/li>\n<\/ul>\n<h5>Zer ikasi dezaket ondoren?<\/h5>\n<ul>\n<li>Goi mailako ziklo sarbidea prestatzeko proba.<\/li>\n<li>Erdi Mailako beste Heziketa ziklo bat egungo araudiaren arabera moduloak baliaztatzeko aukerarekin.<\/li>\n<li>Edozein Batxilergo mota.<\/li>\n<\/ul>\n<\/div><\/section><\/div><\/p>\n","protected":false},"excerpt":{"rendered":"","protected":false},"author":2,"featured_media":0,"parent":3364,"menu_order":0,"comment_status":"closed","ping_status":"closed","template":"template-sitemap.php","meta":{"_acf_changed":false,"footnotes":""},"class_list":["post-3338","page","type-page","status-publish","hentry"],"acf":{"tituloasdasdasd":"HEZKUNTZA ESKAINTZA","descripcion23":"Impartimos Educaci\u00f3n Secundaria Obligatoria (ESO), Bachillerato y Formaci\u00f3n Profesional en <b>13 familias profesionales diferentes<\/b>, adem\u00e1s de Formaci\u00f3n Profesional B\u00e1sica, Aula de Aprendizaje de Tareas, as\u00ed como cursos de Formaci\u00f3n para el Empleo. ","cabecera":3115,"color_fondo":"#81005d","color_text_sd":"#ffffff","popup_activem":false,"compartir_p12":true,"titulo_soc12p":"Kurtso hau konpartitu ezazu","popup_egi":null,"crea_menu_visual_oferta_educativa":null},"yoast_head":"<!-- This site is optimized with the Yoast SEO plugin v27.0 - https:\/\/yoast.com\/product\/yoast-seo-wordpress\/ -->\n<title>Menpekotasun Egoeran dauden Pertsonen Zainketa - egibide.org<\/title>\n<meta name=\"robots\" content=\"index, follow, max-snippet:-1, max-image-preview:large, max-video-preview:-1\" \/>\n<link rel=\"canonical\" href=\"https:\/\/www.egibide.org\/eu\/hezkuntza-eskaintza\/formacion-profesional-grado-medio\/atencion-personas-situacion-dependencia\/\" \/>\n<meta property=\"og:locale\" content=\"eu_ES\" \/>\n<meta property=\"og:type\" content=\"article\" \/>\n<meta property=\"og:title\" content=\"Menpekotasun Egoeran dauden Pertsonen Zainketa - egibide.org\" \/>\n<meta property=\"og:url\" content=\"https:\/\/www.egibide.org\/eu\/hezkuntza-eskaintza\/formacion-profesional-grado-medio\/atencion-personas-situacion-dependencia\/\" \/>\n<meta property=\"og:site_name\" content=\"egibide.org\" \/>\n<meta property=\"article:publisher\" content=\"https:\/\/www.facebook.com\/Egibide\/\" \/>\n<meta property=\"article:modified_time\" content=\"2025-04-09T10:02:06+00:00\" \/>\n<script type=\"application\/ld+json\" class=\"yoast-schema-graph\">{\"@context\":\"https:\/\/schema.org\",\"@graph\":[{\"@type\":\"WebPage\",\"@id\":\"https:\/\/www.egibide.org\/eu\/hezkuntza-eskaintza\/formacion-profesional-grado-medio\/atencion-personas-situacion-dependencia\/\",\"url\":\"https:\/\/www.egibide.org\/eu\/hezkuntza-eskaintza\/formacion-profesional-grado-medio\/atencion-personas-situacion-dependencia\/\",\"name\":\"Menpekotasun Egoeran dauden Pertsonen Zainketa - egibide.org\",\"isPartOf\":{\"@id\":\"https:\/\/www.egibide.org\/#website\"},\"datePublished\":\"2017-05-17T15:48:08+00:00\",\"dateModified\":\"2025-04-09T10:02:06+00:00\",\"breadcrumb\":{\"@id\":\"https:\/\/www.egibide.org\/eu\/hezkuntza-eskaintza\/formacion-profesional-grado-medio\/atencion-personas-situacion-dependencia\/#breadcrumb\"},\"inLanguage\":\"eu-ES\",\"potentialAction\":[{\"@type\":\"ReadAction\",\"target\":[\"https:\/\/www.egibide.org\/eu\/hezkuntza-eskaintza\/formacion-profesional-grado-medio\/atencion-personas-situacion-dependencia\/\"]}]},{\"@type\":\"BreadcrumbList\",\"@id\":\"https:\/\/www.egibide.org\/eu\/hezkuntza-eskaintza\/formacion-profesional-grado-medio\/atencion-personas-situacion-dependencia\/#breadcrumb\",\"itemListElement\":[{\"@type\":\"ListItem\",\"position\":1,\"name\":\"Hezkuntza Eskaintza\",\"item\":\"https:\/\/www.egibide.org\/eu\/hezkuntza-eskaintza\/\"},{\"@type\":\"ListItem\",\"position\":2,\"name\":\"Erdi Mailako Heziketa Zikloak\",\"item\":\"https:\/\/www.egibide.org\/eu\/hezkuntza-eskaintza\/formacion-profesional-grado-medio\/\"},{\"@type\":\"ListItem\",\"position\":3,\"name\":\"Menpekotasun Egoeran dauden Pertsonen Zainketa\"}]},{\"@type\":\"WebSite\",\"@id\":\"https:\/\/www.egibide.org\/#website\",\"url\":\"https:\/\/www.egibide.org\/\",\"name\":\"egibide.org\",\"description\":\"Educaci\u00f3n Secundaria y Formaci\u00f3n Profesional\",\"publisher\":{\"@id\":\"https:\/\/www.egibide.org\/#organization\"},\"potentialAction\":[{\"@type\":\"SearchAction\",\"target\":{\"@type\":\"EntryPoint\",\"urlTemplate\":\"https:\/\/www.egibide.org\/?s={search_term_string}\"},\"query-input\":{\"@type\":\"PropertyValueSpecification\",\"valueRequired\":true,\"valueName\":\"search_term_string\"}}],\"inLanguage\":\"eu-ES\"},{\"@type\":\"Organization\",\"@id\":\"https:\/\/www.egibide.org\/#organization\",\"name\":\"Egibide\",\"url\":\"https:\/\/www.egibide.org\/\",\"logo\":{\"@type\":\"ImageObject\",\"inLanguage\":\"eu-ES\",\"@id\":\"https:\/\/www.egibide.org\/#\/schema\/logo\/image\/\",\"url\":\"https:\/\/www.egibide.org\/file\/2019\/07\/logo_egibide_cuadrado-copia.jpg\",\"contentUrl\":\"https:\/\/www.egibide.org\/file\/2019\/07\/logo_egibide_cuadrado-copia.jpg\",\"width\":1696,\"height\":701,\"caption\":\"Egibide\"},\"image\":{\"@id\":\"https:\/\/www.egibide.org\/#\/schema\/logo\/image\/\"},\"sameAs\":[\"https:\/\/www.facebook.com\/Egibide\/\",\"https:\/\/x.com\/egibide\",\"https:\/\/www.youtube.com\/user\/Egibide\"]}]}<\/script>\n<!-- \/ Yoast SEO plugin. -->","yoast_head_json":{"title":"Menpekotasun Egoeran dauden Pertsonen Zainketa - egibide.org","robots":{"index":"index","follow":"follow","max-snippet":"max-snippet:-1","max-image-preview":"max-image-preview:large","max-video-preview":"max-video-preview:-1"},"canonical":"https:\/\/www.egibide.org\/eu\/hezkuntza-eskaintza\/formacion-profesional-grado-medio\/atencion-personas-situacion-dependencia\/","og_locale":"eu_ES","og_type":"article","og_title":"Menpekotasun Egoeran dauden Pertsonen Zainketa - egibide.org","og_url":"https:\/\/www.egibide.org\/eu\/hezkuntza-eskaintza\/formacion-profesional-grado-medio\/atencion-personas-situacion-dependencia\/","og_site_name":"egibide.org","article_publisher":"https:\/\/www.facebook.com\/Egibide\/","article_modified_time":"2025-04-09T10:02:06+00:00","schema":{"@context":"https:\/\/schema.org","@graph":[{"@type":"WebPage","@id":"https:\/\/www.egibide.org\/eu\/hezkuntza-eskaintza\/formacion-profesional-grado-medio\/atencion-personas-situacion-dependencia\/","url":"https:\/\/www.egibide.org\/eu\/hezkuntza-eskaintza\/formacion-profesional-grado-medio\/atencion-personas-situacion-dependencia\/","name":"Menpekotasun Egoeran dauden Pertsonen Zainketa - egibide.org","isPartOf":{"@id":"https:\/\/www.egibide.org\/#website"},"datePublished":"2017-05-17T15:48:08+00:00","dateModified":"2025-04-09T10:02:06+00:00","breadcrumb":{"@id":"https:\/\/www.egibide.org\/eu\/hezkuntza-eskaintza\/formacion-profesional-grado-medio\/atencion-personas-situacion-dependencia\/#breadcrumb"},"inLanguage":"eu-ES","potentialAction":[{"@type":"ReadAction","target":["https:\/\/www.egibide.org\/eu\/hezkuntza-eskaintza\/formacion-profesional-grado-medio\/atencion-personas-situacion-dependencia\/"]}]},{"@type":"BreadcrumbList","@id":"https:\/\/www.egibide.org\/eu\/hezkuntza-eskaintza\/formacion-profesional-grado-medio\/atencion-personas-situacion-dependencia\/#breadcrumb","itemListElement":[{"@type":"ListItem","position":1,"name":"Hezkuntza Eskaintza","item":"https:\/\/www.egibide.org\/eu\/hezkuntza-eskaintza\/"},{"@type":"ListItem","position":2,"name":"Erdi Mailako Heziketa Zikloak","item":"https:\/\/www.egibide.org\/eu\/hezkuntza-eskaintza\/formacion-profesional-grado-medio\/"},{"@type":"ListItem","position":3,"name":"Menpekotasun Egoeran dauden Pertsonen Zainketa"}]},{"@type":"WebSite","@id":"https:\/\/www.egibide.org\/#website","url":"https:\/\/www.egibide.org\/","name":"egibide.org","description":"Educaci\u00f3n Secundaria y Formaci\u00f3n Profesional","publisher":{"@id":"https:\/\/www.egibide.org\/#organization"},"potentialAction":[{"@type":"SearchAction","target":{"@type":"EntryPoint","urlTemplate":"https:\/\/www.egibide.org\/?s={search_term_string}"},"query-input":{"@type":"PropertyValueSpecification","valueRequired":true,"valueName":"search_term_string"}}],"inLanguage":"eu-ES"},{"@type":"Organization","@id":"https:\/\/www.egibide.org\/#organization","name":"Egibide","url":"https:\/\/www.egibide.org\/","logo":{"@type":"ImageObject","inLanguage":"eu-ES","@id":"https:\/\/www.egibide.org\/#\/schema\/logo\/image\/","url":"https:\/\/www.egibide.org\/file\/2019\/07\/logo_egibide_cuadrado-copia.jpg","contentUrl":"https:\/\/www.egibide.org\/file\/2019\/07\/logo_egibide_cuadrado-copia.jpg","width":1696,"height":701,"caption":"Egibide"},"image":{"@id":"https:\/\/www.egibide.org\/#\/schema\/logo\/image\/"},"sameAs":["https:\/\/www.facebook.com\/Egibide\/","https:\/\/x.com\/egibide","https:\/\/www.youtube.com\/user\/Egibide"]}]}},"_links":{"self":[{"href":"https:\/\/www.egibide.org\/eu\/wp-json\/wp\/v2\/pages\/3338","targetHints":{"allow":["GET"]}}],"collection":[{"href":"https:\/\/www.egibide.org\/eu\/wp-json\/wp\/v2\/pages"}],"about":[{"href":"https:\/\/www.egibide.org\/eu\/wp-json\/wp\/v2\/types\/page"}],"author":[{"embeddable":true,"href":"https:\/\/www.egibide.org\/eu\/wp-json\/wp\/v2\/users\/2"}],"replies":[{"embeddable":true,"href":"https:\/\/www.egibide.org\/eu\/wp-json\/wp\/v2\/comments?post=3338"}],"version-history":[{"count":2,"href":"https:\/\/www.egibide.org\/eu\/wp-json\/wp\/v2\/pages\/3338\/revisions"}],"predecessor-version":[{"id":134931,"href":"https:\/\/www.egibide.org\/eu\/wp-json\/wp\/v2\/pages\/3338\/revisions\/134931"}],"up":[{"embeddable":true,"href":"https:\/\/www.egibide.org\/eu\/wp-json\/wp\/v2\/pages\/3364"}],"wp:attachment":[{"href":"https:\/\/www.egibide.org\/eu\/wp-json\/wp\/v2\/media?parent=3338"}],"curies":[{"name":"wp","href":"https:\/\/api.w.org\/{rel}","templated":true}]}}